{"id":2448,"date":"2021-03-15T10:13:42","date_gmt":"2021-03-15T09:13:42","guid":{"rendered":"https:\/\/www.camping-florac.com\/camping-mont-aigoual\/"},"modified":"2021-11-11T15:14:09","modified_gmt":"2021-11-11T14:14:09","slug":"camping-mont-aigoual","status":"publish","type":"page","link":"https:\/\/www.camping-florac.com\/de\/camping-mont-aigoual\/","title":{"rendered":"Visiter &#8211; Unesco : Mont Aigual"},"content":{"rendered":"<section id=\"section-604f24cbc089b\"\" class=\"section bg-white p-b-0\" \/><div class=\"container \"><div class=\"div-titre center deco-h1\"><h1 class=\"element section-title \">Camping bei Mount Aigoual<\/h1><\/div><div class=\"div-titre center\"><h2 class=\"element section-title \">Entdecken Sie den Berg Aigoual<\/h2><\/div><div class=\"element bloc-text center \">\n\t<p>Der <a href=\"\/de\/\">Camping le Pont du Tarn<\/a> schl\u00e4gt einen Zwischenstopp auf dem Mont Aigoual vor, einem Hauptmassiv des Cevennen-Nationalparks, das auf 1567 m H\u00f6he gipfelt!<\/p>\n<p>Ein 4-Jahreszeiten-Resort f\u00fcr <strong class=\"bold color2\">Landschafts- und Wanderbegeisterte<\/strong>, ob Amateur oder erfahren. Die gro\u00dfen W\u00e4lder bieten Ruhe und Entspannung, zu Fu\u00df, zu Pferd oder mit dem Mountainbike, auf hunderten von Kilometern <strong class=\"bold color2\">Wegen und Pfaden<\/strong>. <\/p>\n<\/div><\/div><\/section>\n\n<section id=\"section-60507fed83ef3\"\" class=\"section bg-white p-t-0 p-b-0\" \/><div class=\"container  extralarge\"><div class=\"colonnes-wrap valign-middle \"><div class=\"element colonne \"><div class=\"element bloc-text justify \">\n\t<p>Der <strong class=\"bold color2\">Aigoual State Forest<\/strong> ist ein weltweit anerkannter Ort f\u00fcr sein Natur- und Landschaftserbe. Es ist zu mehr als 80 % in den <strong class=\"bold color2\">C\u00e9vennes-Nationalpark<\/strong> integriert, steht auf der Liste des Unesco-Welterbes f\u00fcr die <strong class=\"bold color2\">Kulturlandschaften des mediterranen Agro-Pastoralismus<\/strong> und ist dem nationalen Ansatz &#8222;Forest of Exception&#8220; verpflichtet. <\/p>\n<p>Nehmen Sie Mitte Juni auf dem Gipfel des Esp\u00e9rou an der <strong class=\"bold color2\">F\u00eate de la Transhumance<\/strong> teil, eine der letzten, die auf <strong class=\"bold color2\">traditionelle Weise \u00fcber die drailles<\/strong>, die von den Hirten und ihren Herden benutzten Wege, durchgef\u00fchrt wird. Wundersch\u00f6nes Schauspiel, die Mutterschafe haben ihre Festkleidung angelegt und gesellen sich zum Ort der Sommerweide auf den H\u00f6hen des Aigoual! <strong class=\"bold color2\">Kulturelles und festliches Wochenende !<\/strong><\/p>\n<\/div><\/div><div class=\"element colonne \"><div class=\"element images\"><div class=\"image\"><img decoding=\"async\" src=\"https:\/\/www.camping-florac.com\/wp-content\/uploads\/2021\/03\/mont-aigoual-90x100.jpg\" data-src=\"https:\/\/www.camping-florac.com\/wp-content\/uploads\/2021\/03\/mont-aigoual.jpg\" alt=\"mont aigoual\" class=\"images_image\" \/><\/div><\/div><\/div><div class=\"element colonne p-t-8\"><div class=\"element images\"><div class=\"image\"><img decoding=\"async\" src=\"https:\/\/www.camping-florac.com\/wp-content\/uploads\/2021\/03\/transhumance-mont-aigoual-90x100.jpg\" data-src=\"https:\/\/www.camping-florac.com\/wp-content\/uploads\/2021\/03\/transhumance-mont-aigoual.jpg\" alt=\"transhumance mont aigoual\" class=\"images_image\" \/><\/div><\/div><\/div><\/div><\/div><\/section>\n\n<section id=\"section-second\"\" class=\"section bg-white p-t-0 p-b-0\" \/><div class=\"container  extralarge\"><div class=\"colonnes-wrap valign-middle \"><div class=\"element colonne p-t-8\"><div class=\"element images\"><div class=\"image\"><img decoding=\"async\" src=\"https:\/\/www.camping-florac.com\/wp-content\/uploads\/2021\/03\/randonnee-aigoual-90x100.jpg\" data-src=\"https:\/\/www.camping-florac.com\/wp-content\/uploads\/2021\/03\/randonnee-aigoual.jpg\" alt=\"randonnee aigoual\" class=\"images_image\" \/><\/div><\/div><\/div><div class=\"element colonne \"><div class=\"element images\"><div class=\"image\"><img decoding=\"async\" src=\"https:\/\/www.camping-florac.com\/wp-content\/uploads\/2021\/03\/vue-aigoual-90x100.jpg\" data-src=\"https:\/\/www.camping-florac.com\/wp-content\/uploads\/2021\/03\/vue-aigoual.jpg\" alt=\"vue aigoual\" class=\"images_image\" \/><\/div><\/div><\/div><div class=\"element colonne \"><div class=\"div-titre justify\"><h2 class=\"element section-title \">Orte zu besuchen<\/h2><\/div><div class=\"element bloc-text justify \">\n\t<p>Genie\u00dfen Sie einen <strong class=\"bold color2\">Besuch des Observatoriums Mont Aigoual<\/strong>, der letzten bewohnten Wetterstation Frankreichs, dem h\u00f6chsten Punkt im Gard. Lassen Sie sich von dem atemberaubenden Panorama verzaubern, das Ihnen einen breiten \u00dcberblick \u00fcber 13 Abteilungen bietet. <\/p>\n<p>Ein Besuch im Museum, in dem die Techniker von M\u00e9t\u00e9o France auf freundliche Art und Weise alles, was mit der <strong class=\"bold color2\">Meteorologie zu tun hat<\/strong>, mit spielerischen Mitteln pr\u00e4sentieren. Die Route erm\u00f6glicht es Ihnen, das Aigoual-Massiv und seine au\u00dfergew\u00f6hnlichen Wetterbedingungen zu entdecken. Im Sommer finden Animationen statt und <strong class=\"bold color2\">&#8222;Tage der offenen T\u00fcr&#8220;<\/strong> erm\u00f6glichen es Ihnen, die Hinterb\u00fchne der Sternwarte zu entdecken.<\/p>\n<p><strong class=\"bold color2\">Freier Zugang zur Ausstellung<\/strong>, Reservierung f\u00fcr Gruppen empfohlen. <\/p>\n<\/div><\/div><\/div><\/div><\/section>\n\n<section id=\"section-60507fed84214\"\" class=\"section bg-white\" \/><div class=\"container  full\"><div class=\"element images\"><div class=\"image\"><img decoding=\"async\" src=\"https:\/\/www.camping-florac.com\/wp-content\/uploads\/2021\/03\/observatoire-vue-100x95.jpg\" data-src=\"https:\/\/www.camping-florac.com\/wp-content\/uploads\/2021\/03\/observatoire-vue.jpg\" alt=\"observatoire vue\" class=\"images_image\" \/><\/div><div class=\"image\"><img decoding=\"async\" src=\"https:\/\/www.camping-florac.com\/wp-content\/uploads\/2021\/03\/station-meteo-100x95.jpg\" data-src=\"https:\/\/www.camping-florac.com\/wp-content\/uploads\/2021\/03\/station-meteo.jpg\" alt=\"station meteo\" class=\"images_image\" \/><\/div><div class=\"image\"><img decoding=\"async\" src=\"https:\/\/www.camping-florac.com\/wp-content\/uploads\/2021\/03\/transhumance-brebis-100x95.jpg\" data-src=\"https:\/\/www.camping-florac.com\/wp-content\/uploads\/2021\/03\/transhumance-brebis.jpg\" alt=\"transhumance brebis\" class=\"images_image\" \/><\/div><div class=\"image\"><img decoding=\"async\" src=\"https:\/\/www.camping-florac.com\/wp-content\/uploads\/2021\/03\/vue-observatoire-90x100.jpg\" data-src=\"https:\/\/www.camping-florac.com\/wp-content\/uploads\/2021\/03\/vue-observatoire.jpg\" alt=\"vue observatoire\" class=\"images_image\" \/><\/div><\/div><\/div><\/section>\n\n<section id=\"section-60507fed84658\"\" class=\"section bg-white p-t-0 p-b-0\" \/><div class=\"container  extralarge\"><div class=\"colonnes-wrap valign-middle \"><div class=\"element colonne \"><div class=\"div-titre left\"><h2 class=\"element section-title \">Camping bei Mont Aigoual<\/h2><\/div><div class=\"element bloc-text justify \">\n\t<p>Nur 39,4 km vom Campingplatz Pont du Tarn entfernt, k\u00f6nnen Sie <strong class=\"bold color2\">den Berg Aigoual und sein Observatorium<\/strong> besuchen. Dieser wird Jung und Alt gleicherma\u00dfen begeistern und mit seinem sch\u00f6nen Panorama blenden. Nach einem <strong class=\"bold color2\">Tag voller Emotionen<\/strong> kehren Sie zu Ihrem Mietobjekt zur\u00fcck, um sich zu entspannen oder mit Ihrer Familie Spa\u00df zu haben.<\/p>\n<p>In der freundlichen und warmen Atmosph\u00e4re unseres Campingplatzes k\u00f6nnen Sie bei einer <strong class=\"bold color2\">guten Mahlzeit<\/strong> Ihre Erinnerungen auffrischen. Dann k\u00f6nnen Sie sich in Ihrem Mobilheim in Ruhe und Gelassenheit ausruhen.<\/p>\n<p>Weitere <strong class=\"bold color2\">wundersch\u00f6ne Momente erleben Sie bei einem Besuch des Mont Loz\u00e8re<\/strong>, der Cevennen oder bei einem Ausflug in die Gorges du Tarn. <\/p>\n<\/div><\/div><div class=\"element colonne \"><div class=\"element images\"><div class=\"image\"><img decoding=\"async\" src=\"https:\/\/www.camping-florac.com\/wp-content\/uploads\/2021\/03\/observaotire-aigoual-90x100.jpg\" data-src=\"https:\/\/www.camping-florac.com\/wp-content\/uploads\/2021\/03\/observaotire-aigoual.jpg\" alt=\"observaotire aigoual\" class=\"images_image\" \/><\/div><\/div><\/div><div class=\"element colonne p-t-8\"><div class=\"element images\"><div class=\"image\"><img decoding=\"async\" src=\"https:\/\/www.camping-florac.com\/wp-content\/uploads\/2021\/03\/vue-randonnee-aigoual-90x100.jpg\" data-src=\"https:\/\/www.camping-florac.com\/wp-content\/uploads\/2021\/03\/vue-randonnee-aigoual.jpg\" alt=\"vue randonnee aigoual\" class=\"images_image\" \/><\/div><\/div><\/div><\/div><\/div><\/section>\n\n<section id=\"section-6050a6d7a33d2\"\" class=\"section bg-white\" \/><div class=\"container  extralarge\"><div class=\"div-titre center deco-h2\"><div class=\"element section-title \">Die Umgebung des Mont Aigoual<\/div><\/div><ul class=\"liste-de-page\"><li class=\"element call-to-action carre call-to-action--style-1 call-to-action--normal\"><a href=\"https:\/\/www.camping-florac.com\/de\/tourismus-lozere\/\"  class=\"call-to-action_link\" title=\"En savoir plus sur andere interessen\"><div class=\"call-to-action_image\"><img decoding=\"async\" src=\"https:\/\/www.camping-florac.com\/wp-content\/uploads\/2021\/03\/tourisme-lozere-100x56.jpg\" data-src=\"https:\/\/www.camping-florac.com\/wp-content\/uploads\/2021\/03\/tourisme-lozere.jpg\" alt=\"tourisme lozere\" class=\"normal\" \/><\/div><div class=\"call-to-action_contenu\"><div class=\"call-to-action_titre\">Andere Interessen<\/div><\/div><\/a><\/li><li class=\"element call-to-action carre call-to-action--style-1 call-to-action--normal call-to-action--style-1 call-to-action--normal\"><a href=\"https:\/\/www.camping-florac.com\/de\/camping-gorges-du-tarn\/\"  class=\"call-to-action_link\" title=\"En savoir plus sur die gorges du tarn\"><div class=\"call-to-action_image\"><img decoding=\"async\" src=\"https:\/\/www.camping-florac.com\/wp-content\/uploads\/2021\/03\/vue-point-sublime-100x56.jpg\" data-src=\"https:\/\/www.camping-florac.com\/wp-content\/uploads\/2021\/03\/vue-point-sublime.jpg\" alt=\"vue point sublime\" class=\"normal\" \/><\/div><div class=\"call-to-action_contenu\"><div class=\"call-to-action_titre\">Die Gorges du Tarn<\/div><\/div><\/a><\/li><li class=\"element call-to-action carre call-to-action--style-1 call-to-action--normal call-to-action--style-1 call-to-action--normal call-to-action--style-1 call-to-action--normal\"><a href=\"https:\/\/www.camping-florac.com\/de\/camping-die-grands-causses\/\"  class=\"call-to-action_link\" title=\"En savoir plus sur die gro\u00dfen causses\"><div class=\"call-to-action_image\"><img decoding=\"async\" src=\"https:\/\/www.camping-florac.com\/wp-content\/uploads\/2021\/03\/grand-casses-tourisme-100x56.jpg\" data-src=\"https:\/\/www.camping-florac.com\/wp-content\/uploads\/2021\/03\/grand-casses-tourisme.jpg\" alt=\"grand casses tourisme\" class=\"normal\" \/><\/div><div class=\"call-to-action_contenu\"><div class=\"call-to-action_titre\">Die gro\u00dfen Causses<\/div><\/div><\/a><\/li><li class=\"element call-to-action carre call-to-action--style-1 call-to-action--normal call-to-action--style-1 call-to-action--normal call-to-action--style-1 call-to-action--normal call-to-action--style-1 call-to-action--normal\"><a href=\"https:\/\/www.camping-florac.com\/de\/camping-cevennes\/\"  class=\"call-to-action_link\" title=\"En savoir plus sur die cevennen\"><div class=\"call-to-action_image\"><img decoding=\"async\" src=\"https:\/\/www.camping-florac.com\/wp-content\/uploads\/2021\/03\/montagne-cevennes-100x56.jpg\" data-src=\"https:\/\/www.camping-florac.com\/wp-content\/uploads\/2021\/03\/montagne-cevennes.jpg\" alt=\"montagne cevennes\" class=\"normal\" \/><\/div><div class=\"call-to-action_contenu\"><div class=\"call-to-action_titre\">Die Cevennen<\/div><\/div><\/a><\/li><li class=\"element call-to-action carre call-to-action--style-1 call-to-action--normal call-to-action--style-1 call-to-action--normal call-to-action--style-1 call-to-action--normal call-to-action--style-1 call-to-action--normal call-to-action--style-1 call-to-action--normal\"><a href=\"https:\/\/www.camping-florac.com\/de\/camping-gorges-de-la-jonte\/\"  class=\"call-to-action_link\" title=\"En savoir plus sur die jonteschlucht\"><div class=\"call-to-action_image\"><img decoding=\"async\" src=\"https:\/\/www.camping-florac.com\/wp-content\/uploads\/2021\/03\/vue-gorges-jonte-100x56.jpg\" data-src=\"https:\/\/www.camping-florac.com\/wp-content\/uploads\/2021\/03\/vue-gorges-jonte.jpg\" alt=\"vue gorges jonte\" class=\"normal\" \/><\/div><div class=\"call-to-action_contenu\"><div class=\"call-to-action_titre\">Die Jonteschlucht<\/div><\/div><\/a><\/li><li class=\"element call-to-action carre call-to-action--style-1 call-to-action--normal call-to-action--style-1 call-to-action--normal call-to-action--style-1 call-to-action--normal call-to-action--style-1 call-to-action--normal call-to-action--style-1 call-to-action--normal call-to-action--style-1 call-to-action--normal\"><a href=\"https:\/\/www.camping-florac.com\/de\/camping-mont-lozere\/\"  class=\"call-to-action_link\" title=\"En savoir plus sur berg lozere\"><div class=\"call-to-action_image\"><img decoding=\"async\" src=\"https:\/\/www.camping-florac.com\/wp-content\/uploads\/2021\/03\/mont-lozere-village-100x66.jpg\" data-src=\"https:\/\/www.camping-florac.com\/wp-content\/uploads\/2021\/03\/mont-lozere-village.jpg\" alt=\"mont lozere village\" class=\"normal\" \/><\/div><div class=\"call-to-action_contenu\"><div class=\"call-to-action_titre\">Berg Lozere<\/div><\/div><\/a><\/li><\/ul><\/div><\/section>","protected":false},"excerpt":{"rendered":"","protected":false},"author":1,"featured_media":1129,"parent":0,"menu_order":0,"comment_status":"closed","ping_status":"closed","template":"","meta":{"_acf_changed":false,"footnotes":""},"class_list":["post-2448","page","type-page","status-publish","has-post-thumbnail","hentry"],"acf":[],"yoast_head":"<!-- This site is optimized with the Yoast SEO plugin v22.2 - https:\/\/yoast.com\/wordpress\/plugins\/seo\/ -->\n<title>Besuchen Sie Mount Aigoual | Camping bei Mount Aigoual<\/title>\n<meta name=\"robots\" content=\"index, follow, max-snippet:-1, max-image-preview:large, max-video-preview:-1\" \/>\n<link rel=\"canonical\" href=\"https:\/\/www.camping-florac.com\/de\/camping-mont-aigoual\/\" \/>\n<meta property=\"og:locale\" content=\"de_DE\" \/>\n<meta property=\"og:type\" content=\"article\" \/>\n<meta property=\"og:title\" content=\"Besuchen Sie Mount Aigoual | Camping bei Mount Aigoual\" \/>\n<meta property=\"og:url\" content=\"https:\/\/www.camping-florac.com\/de\/camping-mont-aigoual\/\" \/>\n<meta property=\"og:site_name\" content=\"Camping Pont du Tarn\" \/>\n<meta property=\"article:modified_time\" content=\"2021-11-11T14:14:09+00:00\" \/>\n<meta property=\"og:image\" content=\"https:\/\/www.camping-florac.com\/wp-content\/uploads\/2021\/03\/observatoire-mont-aigoual.jpg\" \/>\n\t<meta property=\"og:image:width\" content=\"1904\" \/>\n\t<meta property=\"og:image:height\" content=\"450\" \/>\n\t<meta property=\"og:image:type\" content=\"image\/jpeg\" \/>\n<meta name=\"twitter:card\" content=\"summary_large_image\" \/>\n<script type=\"application\/ld+json\" class=\"yoast-schema-graph\">{\"@context\":\"https:\/\/schema.org\",\"@graph\":[{\"@type\":\"WebPage\",\"@id\":\"https:\/\/www.camping-florac.com\/de\/camping-mont-aigoual\/\",\"url\":\"https:\/\/www.camping-florac.com\/de\/camping-mont-aigoual\/\",\"name\":\"Besuchen Sie Mount Aigoual | Camping bei Mount Aigoual\",\"isPartOf\":{\"@id\":\"https:\/\/www.camping-florac.com\/de\/#website\"},\"primaryImageOfPage\":{\"@id\":\"https:\/\/www.camping-florac.com\/de\/camping-mont-aigoual\/#primaryimage\"},\"image\":{\"@id\":\"https:\/\/www.camping-florac.com\/de\/camping-mont-aigoual\/#primaryimage\"},\"thumbnailUrl\":\"https:\/\/www.camping-florac.com\/wp-content\/uploads\/2021\/03\/observatoire-mont-aigoual.jpg\",\"datePublished\":\"2021-03-15T09:13:42+00:00\",\"dateModified\":\"2021-11-11T14:14:09+00:00\",\"breadcrumb\":{\"@id\":\"https:\/\/www.camping-florac.com\/de\/camping-mont-aigoual\/#breadcrumb\"},\"inLanguage\":\"de\",\"potentialAction\":[{\"@type\":\"ReadAction\",\"target\":[\"https:\/\/www.camping-florac.com\/de\/camping-mont-aigoual\/\"]}]},{\"@type\":\"ImageObject\",\"inLanguage\":\"de\",\"@id\":\"https:\/\/www.camping-florac.com\/de\/camping-mont-aigoual\/#primaryimage\",\"url\":\"https:\/\/www.camping-florac.com\/wp-content\/uploads\/2021\/03\/observatoire-mont-aigoual.jpg\",\"contentUrl\":\"https:\/\/www.camping-florac.com\/wp-content\/uploads\/2021\/03\/observatoire-mont-aigoual.jpg\",\"width\":1904,\"height\":450,\"caption\":\"observatoire mont aigoual\"},{\"@type\":\"BreadcrumbList\",\"@id\":\"https:\/\/www.camping-florac.com\/de\/camping-mont-aigoual\/#breadcrumb\",\"itemListElement\":[{\"@type\":\"ListItem\",\"position\":1,\"name\":\"Camping Loz\u00e8re\",\"item\":\"https:\/\/www.camping-florac.com\/de\/\"},{\"@type\":\"ListItem\",\"position\":2,\"name\":\"Camping bei Mount Aigoual\"}]},{\"@type\":\"WebSite\",\"@id\":\"https:\/\/www.camping-florac.com\/de\/#website\",\"url\":\"https:\/\/www.camping-florac.com\/de\/\",\"name\":\"Camping Pont du Tarn\",\"description\":\"\",\"potentialAction\":[{\"@type\":\"SearchAction\",\"target\":{\"@type\":\"EntryPoint\",\"urlTemplate\":\"https:\/\/www.camping-florac.com\/de\/?s={search_term_string}\"},\"query-input\":\"required name=search_term_string\"}],\"inLanguage\":\"de\"}]}<\/script>\n<!-- \/ Yoast SEO plugin. -->","yoast_head_json":{"title":"Besuchen Sie Mount Aigoual | Camping bei Mount Aigoual","robots":{"index":"index","follow":"follow","max-snippet":"max-snippet:-1","max-image-preview":"max-image-preview:large","max-video-preview":"max-video-preview:-1"},"canonical":"https:\/\/www.camping-florac.com\/de\/camping-mont-aigoual\/","og_locale":"de_DE","og_type":"article","og_title":"Besuchen Sie Mount Aigoual | Camping bei Mount Aigoual","og_url":"https:\/\/www.camping-florac.com\/de\/camping-mont-aigoual\/","og_site_name":"Camping Pont du Tarn","article_modified_time":"2021-11-11T14:14:09+00:00","og_image":[{"width":1904,"height":450,"url":"https:\/\/www.camping-florac.com\/wp-content\/uploads\/2021\/03\/observatoire-mont-aigoual.jpg","type":"image\/jpeg"}],"twitter_card":"summary_large_image","schema":{"@context":"https:\/\/schema.org","@graph":[{"@type":"WebPage","@id":"https:\/\/www.camping-florac.com\/de\/camping-mont-aigoual\/","url":"https:\/\/www.camping-florac.com\/de\/camping-mont-aigoual\/","name":"Besuchen Sie Mount Aigoual | Camping bei Mount Aigoual","isPartOf":{"@id":"https:\/\/www.camping-florac.com\/de\/#website"},"primaryImageOfPage":{"@id":"https:\/\/www.camping-florac.com\/de\/camping-mont-aigoual\/#primaryimage"},"image":{"@id":"https:\/\/www.camping-florac.com\/de\/camping-mont-aigoual\/#primaryimage"},"thumbnailUrl":"https:\/\/www.camping-florac.com\/wp-content\/uploads\/2021\/03\/observatoire-mont-aigoual.jpg","datePublished":"2021-03-15T09:13:42+00:00","dateModified":"2021-11-11T14:14:09+00:00","breadcrumb":{"@id":"https:\/\/www.camping-florac.com\/de\/camping-mont-aigoual\/#breadcrumb"},"inLanguage":"de","potentialAction":[{"@type":"ReadAction","target":["https:\/\/www.camping-florac.com\/de\/camping-mont-aigoual\/"]}]},{"@type":"ImageObject","inLanguage":"de","@id":"https:\/\/www.camping-florac.com\/de\/camping-mont-aigoual\/#primaryimage","url":"https:\/\/www.camping-florac.com\/wp-content\/uploads\/2021\/03\/observatoire-mont-aigoual.jpg","contentUrl":"https:\/\/www.camping-florac.com\/wp-content\/uploads\/2021\/03\/observatoire-mont-aigoual.jpg","width":1904,"height":450,"caption":"observatoire mont aigoual"},{"@type":"BreadcrumbList","@id":"https:\/\/www.camping-florac.com\/de\/camping-mont-aigoual\/#breadcrumb","itemListElement":[{"@type":"ListItem","position":1,"name":"Camping Loz\u00e8re","item":"https:\/\/www.camping-florac.com\/de\/"},{"@type":"ListItem","position":2,"name":"Camping bei Mount Aigoual"}]},{"@type":"WebSite","@id":"https:\/\/www.camping-florac.com\/de\/#website","url":"https:\/\/www.camping-florac.com\/de\/","name":"Camping Pont du Tarn","description":"","potentialAction":[{"@type":"SearchAction","target":{"@type":"EntryPoint","urlTemplate":"https:\/\/www.camping-florac.com\/de\/?s={search_term_string}"},"query-input":"required name=search_term_string"}],"inLanguage":"de"}]}},"_links":{"self":[{"href":"https:\/\/www.camping-florac.com\/de\/wp-json\/wp\/v2\/pages\/2448","targetHints":{"allow":["GET"]}}],"collection":[{"href":"https:\/\/www.camping-florac.com\/de\/wp-json\/wp\/v2\/pages"}],"about":[{"href":"https:\/\/www.camping-florac.com\/de\/wp-json\/wp\/v2\/types\/page"}],"author":[{"embeddable":true,"href":"https:\/\/www.camping-florac.com\/de\/wp-json\/wp\/v2\/users\/1"}],"replies":[{"embeddable":true,"href":"https:\/\/www.camping-florac.com\/de\/wp-json\/wp\/v2\/comments?post=2448"}],"version-history":[{"count":12,"href":"https:\/\/www.camping-florac.com\/de\/wp-json\/wp\/v2\/pages\/2448\/revisions"}],"predecessor-version":[{"id":3502,"href":"https:\/\/www.camping-florac.com\/de\/wp-json\/wp\/v2\/pages\/2448\/revisions\/3502"}],"wp:featuredmedia":[{"embeddable":true,"href":"https:\/\/www.camping-florac.com\/de\/wp-json\/wp\/v2\/media\/1129"}],"wp:attachment":[{"href":"https:\/\/www.camping-florac.com\/de\/wp-json\/wp\/v2\/media?parent=2448"}],"curies":[{"name":"wp","href":"https:\/\/api.w.org\/{rel}","templated":true}]}}