{"id":2427,"date":"2021-03-15T10:12:29","date_gmt":"2021-03-15T09:12:29","guid":{"rendered":"https:\/\/www.camping-florac.com\/location-mobil-home-tarn\/"},"modified":"2021-11-11T14:37:12","modified_gmt":"2021-11-11T13:37:12","slug":"vermietung-mobil-heimat-tarn","status":"publish","type":"page","link":"https:\/\/www.camping-florac.com\/de\/vermietung-mobil-heimat-tarn\/","title":{"rendered":"Dormir : Nos locations"},"content":{"rendered":"<section id=\"section-604f24cbc089b\"\" class=\"section bg-white p-b-0\" \/><div class=\"container  extralarge\"><div class=\"div-titre center deco-h1\"><h1 class=\"element section-title \">Mobilheimvermietung Tarn<\/h1><\/div><div class=\"filtres\"><\/div><ul class=\"liste-de-page hebergements\"><div class=\"row \"><li class=\"element hebergement call-to-action call-to-action--style-2 center deco-h1  nombre-de-chambres-2 nombre-de-personnes-25 superficie-25\"><div class=\"hebergement_link\" id=\"2854\"><div class=\"call-to-action_image\"><img decoding=\"async\" src=\"https:\/\/www.camping-florac.com\/wp-content\/uploads\/2024\/06\/Pagan-1.jpg\" data-src=\"https:\/\/www.camping-florac.com\/wp-content\/uploads\/2024\/06\/Pagan-1.jpg\" alt=\"\" class=\"\" \/><\/div><div class=\"call-to-action_contenu\"><div class=\"call-to-action_titre\">Segeltuch-Bungalow Pagan ECO<\/div><\/div><div class=\"hebergement-attributs\"><span class=\"attribut nombre-de-chambres\">2<\/span><span class=\"attribut nombre-de-personnes\">2\/5<\/span><span class=\"attribut superficie\">25m\u00b2<\/span><\/div><\/div><\/li><li class=\"element hebergement call-to-action call-to-action--style-2 center deco-h1  nombre-de-chambres-2 nombre-de-personnes-24 superficie-16\"><div class=\"hebergement_link\" id=\"2849\"><div class=\"call-to-action_image\"><img decoding=\"async\" src=\"https:\/\/www.camping-florac.com\/wp-content\/uploads\/2021\/03\/20190728_202211-scaled-e1618832194311.jpg\" data-src=\"https:\/\/www.camping-florac.com\/wp-content\/uploads\/2021\/03\/20190728_202211-scaled-e1618832194311.jpg\" alt=\"Tente coco sweet Camping Lozere\" class=\"\" \/><\/div><div class=\"call-to-action_contenu\"><div class=\"call-to-action_titre\">Coco Sweet COMFORT +<\/div><\/div><div class=\"hebergement-attributs\"><span class=\"attribut nombre-de-chambres\">2<\/span><span class=\"attribut nombre-de-personnes\">2\/4<\/span><span class=\"attribut superficie\">16m\u00b2<\/span><\/div><\/div><\/li><li class=\"element hebergement call-to-action call-to-action--style-2 center deco-h1  nombre-de-chambres-2 nombre-de-personnes-25\"><div class=\"hebergement_link\" id=\"2841\"><div class=\"call-to-action_image\"><img decoding=\"async\" src=\"https:\/\/www.camping-florac.com\/wp-content\/uploads\/2021\/03\/habitat-toile-entree.jpg\" data-src=\"https:\/\/www.camping-florac.com\/wp-content\/uploads\/2021\/03\/habitat-toile-entree.jpg\" alt=\"habitat-toile-entree\" class=\"\" \/><\/div><div class=\"call-to-action_contenu\"><div class=\"call-to-action_titre\">Freeflower Comfort + Segeltuchgeh\u00e4use<\/div><\/div><div class=\"hebergement-attributs\"><span class=\"attribut nombre-de-chambres\">2<\/span><span class=\"attribut nombre-de-personnes\">2\/5<\/span><\/div><\/div><\/li><li class=\"element hebergement call-to-action call-to-action--style-2 center deco-h1  nombre-de-chambres-2 nombre-de-personnes-46 superficie-35\"><div class=\"hebergement_link\" id=\"2829\"><div class=\"call-to-action_image\"><img decoding=\"async\" src=\"https:\/\/www.camping-florac.com\/wp-content\/uploads\/2021\/03\/P1030565-scaled.jpg\" data-src=\"https:\/\/www.camping-florac.com\/wp-content\/uploads\/2021\/03\/P1030565-scaled.jpg\" alt=\"\" class=\"\" \/><\/div><div class=\"call-to-action_contenu\"><div class=\"call-to-action_titre\">Mobilheim Orchidee PREMIUM<\/div><\/div><div class=\"hebergement-attributs\"><span class=\"attribut nombre-de-chambres\">2<\/span><span class=\"attribut nombre-de-personnes\">4\/6<\/span><span class=\"attribut superficie\">35m\u00b2<\/span><\/div><\/div><\/li><li class=\"element hebergement call-to-action call-to-action--style-2 center deco-h1  nombre-de-chambres-2 nombre-de-personnes-24 superficie-35\"><div class=\"hebergement_link\" id=\"6883\"><div class=\"call-to-action_image\"><img decoding=\"async\" src=\"https:\/\/www.camping-florac.com\/wp-content\/uploads\/2025\/11\/sejour-entier-scaled.jpg\" data-src=\"https:\/\/www.camping-florac.com\/wp-content\/uploads\/2025\/11\/sejour-entier-scaled.jpg\" alt=\"\" class=\"\" \/><\/div><div class=\"call-to-action_contenu\"><div class=\"call-to-action_titre\">Mobil-home Oasis Premium 2 chambres<\/div><\/div><div class=\"hebergement-attributs\"><span class=\"attribut nombre-de-chambres\">2<\/span><span class=\"attribut nombre-de-personnes\">2\/4<\/span><span class=\"attribut superficie\">35m\u00b2<\/span><\/div><\/div><\/li><li class=\"element hebergement call-to-action call-to-action--style-2 center deco-h1  nombre-de-chambres-3 nombre-de-personnes-46 superficie-37\"><div class=\"hebergement_link\" id=\"6877\"><div class=\"call-to-action_image\"><img decoding=\"async\" src=\"https:\/\/www.camping-florac.com\/wp-content\/uploads\/2025\/11\/ch-parentale-scaled.jpg\" data-src=\"https:\/\/www.camping-florac.com\/wp-content\/uploads\/2025\/11\/ch-parentale-scaled.jpg\" alt=\"\" class=\"\" \/><\/div><div class=\"call-to-action_contenu\"><div class=\"call-to-action_titre\">Mobil-home Oasis Premium 3 chambres<\/div><\/div><div class=\"hebergement-attributs\"><span class=\"attribut nombre-de-chambres\">3<\/span><span class=\"attribut nombre-de-personnes\">4\/6<\/span><span class=\"attribut superficie\">37m\u00b2<\/span><\/div><\/div><\/li><\/div><\/ul><\/div><\/section>\n\n<section id=\"section-60507fed8567e\"\" class=\"section bg-white p-b-0\" \/><div class=\"container  full\"><div class=\"colonnes-wrap valign-top \"><div class=\"element colonne p-x-10\"><div class=\"div-titre center\"><h2 class=\"element section-title \">Komfortable Vermietungen im Herzen des Cevennen-Nationalparks<\/h2><\/div><div class=\"element bloc-text center \">\n\t<p><strong class=\"bold color2\">Need to escape<\/strong>, <strong class=\"bold color2\">quiet<\/strong> und <strong class=\"bold color2\">comfort<\/strong>, mit Familie oder Freunden der <a href=\"\/de\/\">Camping le Pont du Tarn in Loz\u00e8re<\/a>, bietet Ihnen eine vielf\u00e4ltige Auswahl an Mietobjekten je nach <strong class=\"bold color2\">Bed\u00fcrfnissen und Budget<\/strong>. <\/p>\n<p>Wir bieten das ganze Jahr \u00fcber <strong class=\"bold color2\">viele Aktionen<\/strong> sowie eine effektive, an die jeweilige Situation angepasste Reiser\u00fccktrittsversicherung mit der Risikoabdeckung COVID-19 an.<\/p>\n<p>In einer <strong class=\"bold color2\">nat\u00fcrlichen und bewahrten Umgebung<\/strong>, in Florac Trois Rivi\u00e8res, Sitz des Cevennen-Nationalparks, in der Ruhe kommen und ausruhen, genie\u00dfen Sie den Fluss, das Schwimmbad und alle Aktivit\u00e4ten, die unser sch\u00f6nes Departement bietet.<\/p>\n<p>Bei einem Aufenthalt auf unserem 3-Sterne-Campingplatz genie\u00dfen Sie eine <strong class=\"bold color2\">Qualit\u00e4tsunterkunft<\/strong>, mit Sanit\u00e4ranlagen, \u00fcberdachter Terrasse, Fernseher, Geschirrsp\u00fcler je nach Modell und einem Stellplatz f\u00fcr Ihr Fahrzeug bei jeder Vermietung.<\/p>\n<p>Um Sie besser bedienen zu k\u00f6nnen, haben Sie die M\u00f6glichkeit, <strong class=\"bold color2\">Baby-Sets<\/strong> bestehend aus Kinderbett, Hochstuhl und Badewanne zu mieten. Sie k\u00f6nnen auch hochwertige Einweg-Laken-Sets sowie Handt\u00fccher buchen, auch ein Reinigungspaket ist m\u00f6glich!  <\/p>\n<p><strong class=\"bold color2\">Zu Ihrem stressfreien Urlaub in unseren Mietobjekten.<\/strong> <\/p>\n<\/div><\/div><div class=\"element colonne \"><div class=\"div-titre center\"><h2 class=\"element section-title \">Unser Angebot an Unterk\u00fcnften in Loz\u00e8re<\/h2><\/div><div class=\"element bloc-text center \">\n\t<p>Entdecken Sie auf unserem 3-Sterne-Campingplatz Camping le Pont du Tarn unsere <strong class=\"bold color2\">gro\u00dfe Auswahl an Mietobjekten zum besten Preis<\/strong>. Hier finden Sie bestimmt, was Sie suchen. <\/p>\n<p>M\u00f6chten Sie zelten, ohne Ihr Haus zu transportieren? Wir schlagen Ihnen <strong class=\"bold color2\">das Ready to camp<\/strong> vor, ideal gelegen, es ist ein richtiges Zelt mit der ganzen notwendigen Ausr\u00fcstung.<\/p>\n<p>Sie bevorzugen den Komfort eines richtigen Bettes? Entdecken Sie <strong class=\"bold color2\">nos coco sweet<\/strong>, diese ungew\u00f6hnliche Unterkunft wird Ihre ganze Familie zu einem Glamping-Aufenthalt verf\u00fchren.<\/p>\n<p>Bevorzugen Sie traditionelles Camping? Entscheiden Sie sich f\u00fcr <strong class=\"bold color2\">ein Mobilheim<\/strong>, ein Zelt mit Blick auf den Fluss oder einen Zeltbungalow.<\/p>\n<p>Auf dem Campingplatz Pont du Tarn bieten wir auch eine gro\u00dfe Auswahl an Mobilheimen, von der <strong class=\"bold color2\">Komfort- bis zur Premium-Reihe<\/strong>. Ausgestattet mit oder ohne Fernseher, haben alle eine Sp\u00fclmaschine und eine \u00fcberdachte Terrasse. Alle unsere Mobilheime sind ideal auf dem Campingplatz gelegen, um alle Ihre Erwartungen zu erf\u00fcllen und Lozere ohne Einschr\u00e4nkungen zu entdecken. <\/p>\n<p>Unsere <strong class=\"bold color2\">Holzunterk\u00fcnfte<\/strong>, Premium Lodge Cabin, werden Sie mit ihrem Komfort, ihrer Lage unweit des Flusses und ihrer Ruhe verzaubern. Sie suchen einen au\u00dfergew\u00f6hnlichen Aufenthalt? Buchen Sie auf dem 3-Sterne-Campingplatz Camping le Pont du Tarn in Lozere.<\/p>\n<p>Sie m\u00f6chten lieber mit Ihrem eigenen Zelt, Wohnmobil oder Wohnwagen anreisen? Entdecken Sie alle <a href=\"\/de\/vermietung-standort-tarn\/\">unsere ger\u00e4umigen Stellpl\u00e4tze<\/a> f\u00fcr Ihren Aufenthalt in Lozere. <\/p>\n<\/div><\/div><\/div><\/div><\/section>\n\n<section id=\"section-6050a6d7a33d2\"\" class=\"section bg-white\" \/><div class=\"container  extralarge\"><div class=\"div-titre center deco-h2\"><div class=\"element section-title \">Unsere Stellpl\u00e4tze und Dienstleistungen auf dem Campingplatz<\/div><\/div><ul class=\"liste-de-page\"><li class=\"element call-to-action carre call-to-action--style-1 call-to-action--normal\"><a href=\"https:\/\/www.camping-florac.com\/de\/camping-animationen-lozere\/\"  class=\"call-to-action_link\" title=\"En savoir plus sur die animationen\"><div class=\"call-to-action_image\"><img decoding=\"async\" src=\"https:\/\/www.camping-florac.com\/wp-content\/uploads\/2021\/03\/animations-tarn-100x56.jpg\" data-src=\"https:\/\/www.camping-florac.com\/wp-content\/uploads\/2021\/03\/animations-tarn.jpg\" alt=\"animations tarn\" class=\"normal\" \/><\/div><div class=\"call-to-action_contenu\"><div class=\"call-to-action_titre\">Die Animationen<\/div><\/div><\/a><\/li><li class=\"element call-to-action carre call-to-action--style-1 call-to-action--normal call-to-action--style-1 call-to-action--normal\"><a href=\"https:\/\/www.camping-florac.com\/de\/camping-restaurant-lozere\/\"  class=\"call-to-action_link\" title=\"En savoir plus sur die dienste\"><div class=\"call-to-action_image\"><img decoding=\"async\" src=\"https:\/\/www.camping-florac.com\/wp-content\/uploads\/2021\/03\/restaurant-pizza-100x56.jpg\" data-src=\"https:\/\/www.camping-florac.com\/wp-content\/uploads\/2021\/03\/restaurant-pizza.jpg\" alt=\"restaurant pizza\" class=\"normal\" \/><\/div><div class=\"call-to-action_contenu\"><div class=\"call-to-action_titre\">Die Dienste<\/div><\/div><\/a><\/li><li class=\"element call-to-action carre call-to-action--style-1 call-to-action--normal call-to-action--style-1 call-to-action--normal call-to-action--style-1 call-to-action--normal\"><a href=\"https:\/\/www.camping-florac.com\/de\/vermietung-standort-tarn\/\"  class=\"call-to-action_link\" title=\"En savoir plus sur unsere standorte\"><div class=\"call-to-action_image\"><img decoding=\"async\" src=\"https:\/\/www.camping-florac.com\/wp-content\/uploads\/2021\/03\/tente-famille-100x56.jpg\" data-src=\"https:\/\/www.camping-florac.com\/wp-content\/uploads\/2021\/03\/tente-famille.jpg\" alt=\"tente famille\" class=\"normal\" \/><\/div><div class=\"call-to-action_contenu\"><div class=\"call-to-action_titre\">Unsere Standorte<\/div><\/div><\/a><\/li><\/ul><\/div><\/section>","protected":false},"excerpt":{"rendered":"","protected":false},"author":1,"featured_media":6390,"parent":0,"menu_order":0,"comment_status":"closed","ping_status":"closed","template":"","meta":{"_acf_changed":false,"footnotes":""},"class_list":["post-2427","page","type-page","status-publish","has-post-thumbnail","hentry"],"acf":[],"yoast_head":"<!-- This site is optimized with the Yoast SEO plugin v22.2 - https:\/\/yoast.com\/wordpress\/plugins\/seo\/ -->\n<title>Mobilheim mieten Tarn | Mieten Sie Ihr Mobilheim in Loz\u00e8re<\/title>\n<meta name=\"robots\" content=\"index, follow, max-snippet:-1, max-image-preview:large, max-video-preview:-1\" \/>\n<link rel=\"canonical\" href=\"https:\/\/www.camping-florac.com\/de\/vermietung-mobil-heimat-tarn\/\" \/>\n<meta property=\"og:locale\" content=\"de_DE\" \/>\n<meta property=\"og:type\" content=\"article\" \/>\n<meta property=\"og:title\" content=\"Mobilheim mieten Tarn | Mieten Sie Ihr Mobilheim in Loz\u00e8re\" \/>\n<meta property=\"og:url\" content=\"https:\/\/www.camping-florac.com\/de\/vermietung-mobil-heimat-tarn\/\" \/>\n<meta property=\"og:site_name\" content=\"Camping Pont du Tarn\" \/>\n<meta property=\"article:modified_time\" content=\"2021-11-11T13:37:12+00:00\" \/>\n<meta property=\"og:image\" content=\"https:\/\/www.camping-florac.com\/wp-content\/uploads\/2021\/03\/mobil-home-allee.jpg\" \/>\n\t<meta property=\"og:image:width\" content=\"1900\" \/>\n\t<meta property=\"og:image:height\" content=\"450\" \/>\n\t<meta property=\"og:image:type\" content=\"image\/jpeg\" \/>\n<meta name=\"twitter:card\" content=\"summary_large_image\" \/>\n<script type=\"application\/ld+json\" class=\"yoast-schema-graph\">{\"@context\":\"https:\/\/schema.org\",\"@graph\":[{\"@type\":\"WebPage\",\"@id\":\"https:\/\/www.camping-florac.com\/de\/vermietung-mobil-heimat-tarn\/\",\"url\":\"https:\/\/www.camping-florac.com\/de\/vermietung-mobil-heimat-tarn\/\",\"name\":\"Mobilheim mieten Tarn | Mieten Sie Ihr Mobilheim in Loz\u00e8re\",\"isPartOf\":{\"@id\":\"https:\/\/www.camping-florac.com\/de\/#website\"},\"primaryImageOfPage\":{\"@id\":\"https:\/\/www.camping-florac.com\/de\/vermietung-mobil-heimat-tarn\/#primaryimage\"},\"image\":{\"@id\":\"https:\/\/www.camping-florac.com\/de\/vermietung-mobil-heimat-tarn\/#primaryimage\"},\"thumbnailUrl\":\"https:\/\/www.camping-florac.com\/wp-content\/uploads\/2024\/12\/Freeflower-vue-scaled.jpg\",\"datePublished\":\"2021-03-15T09:12:29+00:00\",\"dateModified\":\"2021-11-11T13:37:12+00:00\",\"breadcrumb\":{\"@id\":\"https:\/\/www.camping-florac.com\/de\/vermietung-mobil-heimat-tarn\/#breadcrumb\"},\"inLanguage\":\"de\",\"potentialAction\":[{\"@type\":\"ReadAction\",\"target\":[\"https:\/\/www.camping-florac.com\/de\/vermietung-mobil-heimat-tarn\/\"]}]},{\"@type\":\"ImageObject\",\"inLanguage\":\"de\",\"@id\":\"https:\/\/www.camping-florac.com\/de\/vermietung-mobil-heimat-tarn\/#primaryimage\",\"url\":\"https:\/\/www.camping-florac.com\/wp-content\/uploads\/2024\/12\/Freeflower-vue-scaled.jpg\",\"contentUrl\":\"https:\/\/www.camping-florac.com\/wp-content\/uploads\/2024\/12\/Freeflower-vue-scaled.jpg\",\"width\":2560,\"height\":1920},{\"@type\":\"BreadcrumbList\",\"@id\":\"https:\/\/www.camping-florac.com\/de\/vermietung-mobil-heimat-tarn\/#breadcrumb\",\"itemListElement\":[{\"@type\":\"ListItem\",\"position\":1,\"name\":\"Camping Loz\u00e8re\",\"item\":\"https:\/\/www.camping-florac.com\/de\/\"},{\"@type\":\"ListItem\",\"position\":2,\"name\":\"Mobilheim zur Miete\"}]},{\"@type\":\"WebSite\",\"@id\":\"https:\/\/www.camping-florac.com\/de\/#website\",\"url\":\"https:\/\/www.camping-florac.com\/de\/\",\"name\":\"Camping Pont du Tarn\",\"description\":\"\",\"potentialAction\":[{\"@type\":\"SearchAction\",\"target\":{\"@type\":\"EntryPoint\",\"urlTemplate\":\"https:\/\/www.camping-florac.com\/de\/?s={search_term_string}\"},\"query-input\":\"required name=search_term_string\"}],\"inLanguage\":\"de\"}]}<\/script>\n<!-- \/ Yoast SEO plugin. -->","yoast_head_json":{"title":"Mobilheim mieten Tarn | Mieten Sie Ihr Mobilheim in Loz\u00e8re","robots":{"index":"index","follow":"follow","max-snippet":"max-snippet:-1","max-image-preview":"max-image-preview:large","max-video-preview":"max-video-preview:-1"},"canonical":"https:\/\/www.camping-florac.com\/de\/vermietung-mobil-heimat-tarn\/","og_locale":"de_DE","og_type":"article","og_title":"Mobilheim mieten Tarn | Mieten Sie Ihr Mobilheim in Loz\u00e8re","og_url":"https:\/\/www.camping-florac.com\/de\/vermietung-mobil-heimat-tarn\/","og_site_name":"Camping Pont du Tarn","article_modified_time":"2021-11-11T13:37:12+00:00","og_image":[{"width":1900,"height":450,"url":"https:\/\/www.camping-florac.com\/wp-content\/uploads\/2021\/03\/mobil-home-allee.jpg","type":"image\/jpeg"}],"twitter_card":"summary_large_image","schema":{"@context":"https:\/\/schema.org","@graph":[{"@type":"WebPage","@id":"https:\/\/www.camping-florac.com\/de\/vermietung-mobil-heimat-tarn\/","url":"https:\/\/www.camping-florac.com\/de\/vermietung-mobil-heimat-tarn\/","name":"Mobilheim mieten Tarn | Mieten Sie Ihr Mobilheim in Loz\u00e8re","isPartOf":{"@id":"https:\/\/www.camping-florac.com\/de\/#website"},"primaryImageOfPage":{"@id":"https:\/\/www.camping-florac.com\/de\/vermietung-mobil-heimat-tarn\/#primaryimage"},"image":{"@id":"https:\/\/www.camping-florac.com\/de\/vermietung-mobil-heimat-tarn\/#primaryimage"},"thumbnailUrl":"https:\/\/www.camping-florac.com\/wp-content\/uploads\/2024\/12\/Freeflower-vue-scaled.jpg","datePublished":"2021-03-15T09:12:29+00:00","dateModified":"2021-11-11T13:37:12+00:00","breadcrumb":{"@id":"https:\/\/www.camping-florac.com\/de\/vermietung-mobil-heimat-tarn\/#breadcrumb"},"inLanguage":"de","potentialAction":[{"@type":"ReadAction","target":["https:\/\/www.camping-florac.com\/de\/vermietung-mobil-heimat-tarn\/"]}]},{"@type":"ImageObject","inLanguage":"de","@id":"https:\/\/www.camping-florac.com\/de\/vermietung-mobil-heimat-tarn\/#primaryimage","url":"https:\/\/www.camping-florac.com\/wp-content\/uploads\/2024\/12\/Freeflower-vue-scaled.jpg","contentUrl":"https:\/\/www.camping-florac.com\/wp-content\/uploads\/2024\/12\/Freeflower-vue-scaled.jpg","width":2560,"height":1920},{"@type":"BreadcrumbList","@id":"https:\/\/www.camping-florac.com\/de\/vermietung-mobil-heimat-tarn\/#breadcrumb","itemListElement":[{"@type":"ListItem","position":1,"name":"Camping Loz\u00e8re","item":"https:\/\/www.camping-florac.com\/de\/"},{"@type":"ListItem","position":2,"name":"Mobilheim zur Miete"}]},{"@type":"WebSite","@id":"https:\/\/www.camping-florac.com\/de\/#website","url":"https:\/\/www.camping-florac.com\/de\/","name":"Camping Pont du Tarn","description":"","potentialAction":[{"@type":"SearchAction","target":{"@type":"EntryPoint","urlTemplate":"https:\/\/www.camping-florac.com\/de\/?s={search_term_string}"},"query-input":"required name=search_term_string"}],"inLanguage":"de"}]}},"_links":{"self":[{"href":"https:\/\/www.camping-florac.com\/de\/wp-json\/wp\/v2\/pages\/2427","targetHints":{"allow":["GET"]}}],"collection":[{"href":"https:\/\/www.camping-florac.com\/de\/wp-json\/wp\/v2\/pages"}],"about":[{"href":"https:\/\/www.camping-florac.com\/de\/wp-json\/wp\/v2\/types\/page"}],"author":[{"embeddable":true,"href":"https:\/\/www.camping-florac.com\/de\/wp-json\/wp\/v2\/users\/1"}],"replies":[{"embeddable":true,"href":"https:\/\/www.camping-florac.com\/de\/wp-json\/wp\/v2\/comments?post=2427"}],"version-history":[{"count":12,"href":"https:\/\/www.camping-florac.com\/de\/wp-json\/wp\/v2\/pages\/2427\/revisions"}],"predecessor-version":[{"id":3430,"href":"https:\/\/www.camping-florac.com\/de\/wp-json\/wp\/v2\/pages\/2427\/revisions\/3430"}],"wp:featuredmedia":[{"embeddable":true,"href":"https:\/\/www.camping-florac.com\/de\/wp-json\/wp\/v2\/media\/6390"}],"wp:attachment":[{"href":"https:\/\/www.camping-florac.com\/de\/wp-json\/wp\/v2\/media?parent=2427"}],"curies":[{"name":"wp","href":"https:\/\/api.w.org\/{rel}","templated":true}]}}